{"id":205,"date":"2017-12-10T22:14:03","date_gmt":"2017-12-10T21:14:03","guid":{"rendered":"http:\/\/vehix.cz\/?page_id=205"},"modified":"2026-03-09T15:20:38","modified_gmt":"2026-03-09T14:20:38","slug":"hlavni-stranka","status":"publish","type":"page","link":"https:\/\/vehix.cz\/ru\/","title":{"rendered":"Hlavn\u00ed str\u00e1nka"},"content":{"rendered":"<div id=\"pl-205\"  class=\"panel-layout\" ><div id=\"pg-205-0\"  class=\"panel-grid panel-has-style\" ><div class=\"panel-row-style panel-row-style-for-205-0\" ><div id=\"pgc-205-0-0\"  class=\"panel-grid-cell\" ><div id=\"panel-205-0-0-0\" class=\"so-panel widget widget_sow-editor panel-first-child panel-last-child\" data-index=\"0\" ><div class=\"panel-widget-style panel-widget-style-for-205-0-0-0\" ><div\n\t\t\t\n\t\t\tclass=\"so-widget-sow-editor so-widget-sow-editor-base\"\n\t\t\t\n\t\t>\n<div class=\"siteorigin-widget-tinymce textwidget\">\n\t<h1><span style=\"font-family: Exo;\"><img loading=\"lazy\" decoding=\"async\" class=\"alignnone size-large wp-image-751 aligncenter\" src=\"http:\/\/www.vehix.cz\/wp-content\/uploads\/2020\/04\/00_main-1024x241.png\" alt=\"\" width=\"1024\" height=\"241\" srcset=\"https:\/\/vehix.cz\/wp-content\/uploads\/2020\/04\/00_main-1024x241.png 1024w, https:\/\/vehix.cz\/wp-content\/uploads\/2020\/04\/00_main-300x71.png 300w, https:\/\/vehix.cz\/wp-content\/uploads\/2020\/04\/00_main-768x181.png 768w, https:\/\/vehix.cz\/wp-content\/uploads\/2020\/04\/00_main-24x6.png 24w, https:\/\/vehix.cz\/wp-content\/uploads\/2020\/04\/00_main-36x8.png 36w, https:\/\/vehix.cz\/wp-content\/uploads\/2020\/04\/00_main-48x11.png 48w, https:\/\/vehix.cz\/wp-content\/uploads\/2020\/04\/00_main.png 1200w\" sizes=\"auto, (max-width: 1024px) 100vw, 1024px\" \/><\/span><\/h1>\n<h3><\/h3>\n<h3 style=\"text-align: center;\"><span style=\"font-family: Exo; font-size: 18pt;\"><strong>V\u00edtejte v autoservisu specializuj\u00edc\u00edm se na opravy voz\u016f zna\u010dek BMW a Mini.<\/strong><\/span><\/h3>\n<p><strong><span style=\"font-family: Exo; font-size: 12pt; color: #d0012a;\">\u00a0<\/span><\/strong><\/p>\n<p><span style=\"font-family: Exo; font-size: 12pt;\">Jsme t\u00fdm odborn\u00edk\u016f, kte\u0159\u00ed svoji v\u00e1\u0161e\u0148 pro vozy roz\u0161\u00ed\u0159ili ve slu\u017ebu pro ostatn\u00ed, kte\u0159\u00ed vy\u017eaduj\u00ed stejnou \u00farove\u0148 kvality jako my. P\u0159\u00edstup ke klientovi a k\u00a0vozu je pro n\u00e1s na prvn\u00edm m\u00edst\u011b. Pravdiv\u00e9 informace a z\u00e1jem o servis va\u0161ich voz\u016f jsou kl\u00ed\u010dem k\u00a0pevn\u00e9 vazb\u011b mezi n\u00e1mi a v\u00e1mi. Na\u0161\u00edm c\u00edlem je, abyste nem\u011bli jak\u00e9koliv pochyby o dob\u0159e vykonan\u00e9 pr\u00e1ci na va\u0161ich vozech, a aby se kvalita na\u0161\u00ed pr\u00e1ce vyrovnala t\u00e9, kterou opr\u00e1vn\u011bn\u011b p\u0159edpokl\u00e1d\u00e1te od servisu autorizovan\u00e9ho. O v\u0161echny vozy se star\u00e1me tak, jako bychom v\u00a0nich sami m\u011bli vozit vlastn\u00ed rodiny.<\/span><\/p>\n<\/div>\n<\/div><\/div><\/div><\/div><\/div><\/div><div id=\"pg-205-1\"  class=\"panel-grid panel-has-style\" ><div class=\"siteorigin-panels-stretch panel-row-style panel-row-style-for-205-1\" data-stretch-type=\"full-width-stretch\" ><div id=\"pgc-205-1-0\"  class=\"panel-grid-cell\" ><div id=\"panel-205-1-0-0\" class=\"so-panel widget widget_sow-headline panel-first-child panel-last-child\" data-index=\"1\" ><div class=\"panel-widget-style panel-widget-style-for-205-1-0-0\" ><div\n\t\t\t\n\t\t\tclass=\"so-widget-sow-headline so-widget-sow-headline-default-9b2fbe0860cf-205 so-widget-fittext-wrapper\"\n\t\t\t data-fit-text-compressor=\"0\"\n\t\t><div class=\"sow-headline-container \">\n\t\t\t\t\t\t\t<h2 class=\"sow-sub-headline\">\n\t\t\t\t\t\tPerfektn\u00ed servis, Pravdiv\u00e9 informace, P\u0159im\u011b\u0159en\u00e1 cena\t\t\t\t\t\t<\/h2>\n\t\t\t\t\t\t<\/div>\n<\/div><\/div><\/div><\/div><\/div><\/div><div id=\"pg-205-2\"  class=\"panel-grid panel-has-style\" ><div class=\"panel-row-style panel-row-style-for-205-2\" ><div id=\"pgc-205-2-0\"  class=\"panel-grid-cell\" ><div id=\"panel-205-2-0-0\" class=\"so-panel widget widget_sow-editor panel-first-child panel-last-child\" data-index=\"2\" ><div class=\"panel-widget-style panel-widget-style-for-205-2-0-0\" ><div\n\t\t\t\n\t\t\tclass=\"so-widget-sow-editor so-widget-sow-editor-base\"\n\t\t\t\n\t\t>\n<div class=\"siteorigin-widget-tinymce textwidget\">\n\t<p style=\"text-align: center;\"><span style=\"font-family: Exo; font-size: 14pt;\"><strong>Jsme schopni zajistit opravu \u010di \u00fapravu va\u0161ich voz\u016f od A do Z.<\/strong><\/span><\/p>\n<ul>\n<li><span style=\"font-family: Exo; font-size: 12pt;\">Kontrola vozu v\u010detn\u011b kontroln\u00ed j\u00edzdy<\/span><\/li>\n<li><span style=\"font-size: 12pt; font-family: Exo;\">Diagnostika vozu origin\u00e1ln\u00edm softwarem BMW \u010di specializovan\u00fd softwarem pro VW a \u0160kodu<\/span><\/li>\n<li><span style=\"font-family: Exo; font-size: 12pt;\">Pou\u017e\u00edt\u00ed origin\u00e1ln\u00edch d\u00edl\u016f \u010di nahrazen\u00ed kvalitn\u00edmi v\u00fdrobci tak, aby nedo\u0161lo ke sn\u00ed\u017een\u00ed funk\u010dnosti<\/span><\/li>\n<li><span style=\"font-family: Exo; font-size: 12pt;\">Zaps\u00e1n\u00ed servisu do elektronick\u00e9 kn\u00ed\u017eky BMW<\/span><\/li>\n<li><span style=\"font-family: Exo; font-size: 12pt;\">Doprogramov\u00e1n\u00ed \/ k\u00f3dov\u00e1n\u00ed jednotliv\u00fdch funkc\u00ed <\/span><\/li>\n<li><span style=\"font-family: Exo; font-size: 12pt;\">Aktualizace softwaru v \u0159\u00edd\u00edc\u00edch jednotk\u00e1ch <\/span><\/li>\n<li><span style=\"font-family: Exo; font-size: 12pt;\">Oprava motoru v\u010detn\u011b hlavy \u010di bloku<\/span><\/li>\n<li><span style=\"font-family: Exo; font-size: 12pt;\">Repase motoru (\u010di\u0161t\u011bn\u00ed, dekarbonizace, p\u0159et\u011bsn\u011bn\u00ed, zkontrolov\u00e1n\u00ed v\u0161ech komponent motoru)<\/span><\/li>\n<li><span style=\"font-family: Exo; font-size: 12pt;\">V\u00fdm\u011bna rozvod\u016f<\/span><\/li>\n<li><span style=\"font-size: 12pt; font-family: Exo;\">Pneuservis do rozm\u011bru kola 21\u201c v\u010detn\u011b uskladn\u011bn\u00ed<br \/>\n<\/span><\/li>\n<li><span style=\"font-size: 12pt; font-family: Exo;\">Anal\u00fdza z\u00e1vad v\u00a0elektroinstalaci<\/span><\/li>\n<li><span style=\"font-size: 12pt; font-family: Exo;\">Nadstandartn\u00ed \u00fapravy vozu pro lep\u0161\u00ed pocit z\u00a0j\u00edzdy<\/span><\/li>\n<li><span style=\"font-size: 12pt; font-family: Exo;\">V\u00fdm\u011bna autoskel<br \/>\n<\/span><\/li>\n<li><span style=\"font-size: 12pt; font-family: Exo;\">Oprava z\u00e1mk\u016f \u010di v\u00fdroba nov\u00fdch kl\u00ed\u010d\u016f <\/span><\/li>\n<li><span style=\"font-family: Exo; font-size: 12pt;\">Otev\u0159en\u00ed vozu bez po\u0161kozen\u00ed p\u0159i zabouchnut\u00fdch kl\u00ed\u010d\u00edch ve vozidle<\/span><\/li>\n<li><span style=\"font-family: Exo; font-size: 12pt;\">a mnoho dal\u0161\u00edch<\/span><\/li>\n<\/ul>\n<p><span style=\"font-size: 14pt; font-family: Exo; color: #d0012a;\">Nev\u00e1hejte n\u00e1s kontaktovat.<\/span><\/p>\n<\/div>\n<\/div><\/div><\/div><\/div><\/div><\/div><div id=\"pg-205-3\"  class=\"panel-grid panel-no-style\" ><div id=\"pgc-205-3-0\"  class=\"panel-grid-cell\" ><div id=\"panel-205-3-0-0\" class=\"so-panel widget widget_sow-image panel-first-child panel-last-child\" data-index=\"3\" ><div\n\t\t\t\n\t\t\tclass=\"so-widget-sow-image so-widget-sow-image-default-5b99f59c01c9-205\"\n\t\t\t\n\t\t>\n<div class=\"sow-image-container\">\n\t\t<img \n\tsrc=\"https:\/\/vehix.cz\/wp-content\/uploads\/2020\/03\/main_page_bmw-30-csl.png\" width=\"960\" height=\"560\" srcset=\"https:\/\/vehix.cz\/wp-content\/uploads\/2020\/03\/main_page_bmw-30-csl.png 960w, https:\/\/vehix.cz\/wp-content\/uploads\/2020\/03\/main_page_bmw-30-csl-300x175.png 300w, https:\/\/vehix.cz\/wp-content\/uploads\/2020\/03\/main_page_bmw-30-csl-768x448.png 768w, https:\/\/vehix.cz\/wp-content\/uploads\/2020\/03\/main_page_bmw-30-csl-24x14.png 24w, https:\/\/vehix.cz\/wp-content\/uploads\/2020\/03\/main_page_bmw-30-csl-36x21.png 36w, https:\/\/vehix.cz\/wp-content\/uploads\/2020\/03\/main_page_bmw-30-csl-48x28.png 48w\" sizes=\"(max-width: 960px) 100vw, 960px\" alt=\"\" \t\tclass=\"so-widget-image\"\/>\n\t<\/div>\n\n<\/div><\/div><\/div><\/div><div id=\"pg-205-4\"  class=\"panel-grid panel-has-style\" ><div class=\"siteorigin-panels-stretch panel-row-style panel-row-style-for-205-4\" id=\"contact\" data-stretch-type=\"full\" ><div id=\"pgc-205-4-0\"  class=\"panel-grid-cell\" ><div id=\"panel-205-4-0-0\" class=\"so-panel widget widget_sow-headline panel-first-child panel-last-child\" data-index=\"4\" ><div\n\t\t\t\n\t\t\tclass=\"so-widget-sow-headline so-widget-sow-headline-default-d56ab8dd12e6-205\"\n\t\t\t\n\t\t><div class=\"sow-headline-container \">\n\t\t\t\t\t\t\t<h1 class=\"sow-headline\">\n\t\t\t\t\t\tKontaktujte n\u00e1s\t\t\t\t\t\t<\/h1>\n\t\t\t\t\t\t\t\t\t\t\t<div class=\"decoration\">\n\t\t\t\t\t\t<div class=\"decoration-inside\"><\/div>\n\t\t\t\t\t<\/div>\n\t\t\t\t\t<\/div>\n<\/div><\/div><\/div><\/div><\/div><div id=\"pg-205-5\"  class=\"panel-grid panel-has-style\" ><div class=\"siteorigin-panels-stretch panel-row-style panel-row-style-for-205-5\" id=\"contact-2\" data-stretch-type=\"full\" ><div id=\"pgc-205-5-0\"  class=\"panel-grid-cell\" ><div id=\"panel-205-5-0-0\" class=\"so-panel widget widget_sow-editor panel-first-child panel-last-child\" data-index=\"5\" ><div class=\"panel-widget-style panel-widget-style-for-205-5-0-0\" ><div\n\t\t\t\n\t\t\tclass=\"so-widget-sow-editor so-widget-sow-editor-base\"\n\t\t\t\n\t\t>\n<div class=\"siteorigin-widget-tinymce textwidget\">\n\t<p style=\"text-align: center;\"><span style=\"font-family: Exo;\"><span style=\"font-size: 18pt;\"><strong>Provozovna:<br \/>\n<\/strong><span style=\"font-size: 14pt;\">U<\/span><\/span><span style=\"font-size: 14pt;\"> Michelsk\u00e9ho Lesa 1267<\/span><\/span><br \/>\n<span style=\"font-size: 14pt; font-family: Exo;\">140 00 Praha 4 - Kr\u010d<\/span><br \/>\n<span style=\"font-family: Exo;\"><span style=\"font-size: 14pt;\">Telefon - servis: +420 739 299 662<br \/>\n<\/span><span style=\"font-size: 14pt;\">E-mail - servis@vehix.cz<\/span><\/span><\/p>\n<p style=\"text-align: center;\"><span style=\"font-size: 14pt; font-family: Exo;\"><strong>Otev\u00edrac\u00ed doba :<br \/>\n<\/strong>Po - P\u00e1 \u00a0\u00a0 9:00 - 17:00<\/span><\/p>\n<p style=\"text-align: center;\"><span style=\"font-size: 14pt; font-family: Exo;\"><em>po domluv\u011b<\/em><\/span><br \/>\n<span style=\"font-size: 14pt; font-family: Exo;\"> <em>Po - P\u00e1 \u00a0\u00a0 8:00 - 18:00<\/em><\/span><\/p>\n<\/div>\n<\/div><\/div><\/div><\/div><\/div><\/div><div id=\"pg-205-6\"  class=\"panel-grid panel-has-style\" ><div class=\"siteorigin-panels-stretch panel-row-style panel-row-style-for-205-6\" id=\"contact-3\" data-stretch-type=\"full-width-stretch\" ><div id=\"pgc-205-6-0\"  class=\"panel-grid-cell\" ><div id=\"panel-205-6-0-0\" class=\"so-panel widget widget_sow-google-map panel-first-child panel-last-child\" data-index=\"6\" ><div\n\t\t\t\n\t\t\tclass=\"so-widget-sow-google-map so-widget-sow-google-map-default-6b23895f316e-205\"\n\t\t\t\n\t\t>\n<div class=\"sow-google-map-canvas\"\n\tstyle=\"\"\n\tid=\"map-canvas-205de1eefa4c24d1148dfc0a295bb20e\"\n\tdata-options=\"{&quot;address&quot;:&quot;&quot;,&quot;zoom&quot;:17,&quot;mobileZoom&quot;:17,&quot;gestureHandling&quot;:&quot;greedy&quot;,&quot;disableUi&quot;:false,&quot;markerIcon&quot;:false,&quot;markersDraggable&quot;:false,&quot;markerAtCenter&quot;:true,&quot;markerInfoDisplay&quot;:&quot;click&quot;,&quot;markerInfoMultiple&quot;:true,&quot;markerPositions&quot;:[{&quot;place&quot;:&quot;50.036509, 14.460353&quot;,&quot;info&quot;:&quot;&quot;,&quot;infoSelectedEditor&quot;:&quot;tinymce&quot;,&quot;infoMaxWidth&quot;:&quot;&quot;,&quot;customMarkerIcon&quot;:0,&quot;customMarkerIconSize&quot;:&quot;&quot;}],&quot;mapName&quot;:false,&quot;mapStyles&quot;:false,&quot;directions&quot;:&quot;&quot;,&quot;apiKey&quot;:&quot;AIzaSyBudMUfARKk7zN1kJUXqMj76xmfismCd8o&quot;,&quot;breakpoint&quot;:780,&quot;id&quot;:&quot;69ef1d&quot;}\"\n\tdata-fallback-image=\"{&quot;img&quot;:&quot;&quot;}\"><\/div>\n<\/div><\/div><\/div><\/div><\/div><\/div>","protected":false},"excerpt":{"rendered":"<p>V\u00edtejte v autoservisu specializuj\u00edc\u00edm se na opravy voz\u016f zna\u010dek BMW a Mini. \u00a0 Jsme t\u00fdm odborn\u00edk\u016f, kte\u0159\u00ed svoji v\u00e1\u0161e\u0148 pro vozy roz\u0161\u00ed\u0159ili ve slu\u017ebu pro ostatn\u00ed, kte\u0159\u00ed vy\u017eaduj\u00ed stejnou \u00farove\u0148 kvality jako my. P\u0159\u00edstup ke klientovi a k\u00a0vozu je pro n\u00e1s na prvn\u00edm m\u00edst\u011b. Pravdiv\u00e9 informace a z\u00e1jem o servis va\u0161ich voz\u016f jsou kl\u00ed\u010dem k\u00a0pevn\u00e9 [&hellip;]<\/p>\n","protected":false},"author":1,"featured_media":0,"parent":0,"menu_order":0,"comment_status":"closed","ping_status":"closed","template":"","meta":{"footnotes":""},"class_list":["post-205","page","type-page","status-publish","czr-hentry"],"yoast_head":"<!-- This site is optimized with the Yoast SEO plugin v27.1.1 - https:\/\/yoast.com\/product\/yoast-seo-wordpress\/ -->\n<title>VEHIX - BMW servis Praha<\/title>\n<meta name=\"description\" content=\"Auto a pneu servis Praha 4, kompletn\u00ed prohl\u00eddka vozu, zaji\u0161t\u011bn\u00ed STK a geometrie. V\u00fdm\u011bny brzd a provozn\u00edch kapalin v\u010d. filtr\u016f. Kompletn\u00ed diagnostika vozu\" \/>\n<meta name=\"robots\" content=\"index, follow, max-snippet:-1, max-image-preview:large, max-video-preview:-1\" \/>\n<link rel=\"canonical\" href=\"https:\/\/vehix.cz\/ru\/\" \/>\n<meta property=\"og:locale\" content=\"ru_RU\" \/>\n<meta property=\"og:type\" content=\"article\" \/>\n<meta property=\"og:title\" content=\"VEHIX - BMW servis Praha\" \/>\n<meta property=\"og:description\" content=\"Auto a pneu servis Praha 4, kompletn\u00ed prohl\u00eddka vozu, zaji\u0161t\u011bn\u00ed STK a geometrie. V\u00fdm\u011bny brzd a provozn\u00edch kapalin v\u010d. filtr\u016f. Kompletn\u00ed diagnostika vozu\" \/>\n<meta property=\"og:url\" content=\"https:\/\/vehix.cz\/ru\/\" \/>\n<meta property=\"og:site_name\" content=\"Vehix\" \/>\n<meta property=\"article:publisher\" content=\"https:\/\/www.facebook.com\/vehixauto\/\" \/>\n<meta property=\"article:modified_time\" content=\"2026-03-09T14:20:38+00:00\" \/>\n<meta property=\"og:image\" content=\"https:\/\/vehix.cz\/wp-content\/uploads\/2020\/04\/00_main.png\" \/>\n\t<meta property=\"og:image:width\" content=\"1200\" \/>\n\t<meta property=\"og:image:height\" content=\"283\" \/>\n\t<meta property=\"og:image:type\" content=\"image\/png\" \/>\n<meta name=\"twitter:card\" content=\"summary_large_image\" \/>\n<meta name=\"twitter:label1\" content=\"Est. reading time\" \/>\n\t<meta name=\"twitter:data1\" content=\"2 minutes\" \/>\n<script type=\"application\/ld+json\" class=\"yoast-schema-graph\">{\"@context\":\"https:\/\/schema.org\",\"@graph\":[{\"@type\":\"WebPage\",\"@id\":\"https:\/\/vehix.cz\/ru\/\",\"url\":\"https:\/\/vehix.cz\/ru\/\",\"name\":\"VEHIX - BMW servis Praha\",\"isPartOf\":{\"@id\":\"https:\/\/vehix.cz\/ru\/#website\"},\"primaryImageOfPage\":{\"@id\":\"https:\/\/vehix.cz\/ru\/#primaryimage\"},\"image\":{\"@id\":\"https:\/\/vehix.cz\/#primaryimage\"},\"thumbnailUrl\":\"http:\/\/www.vehix.cz\/wp-content\/uploads\/2020\/04\/00_main-1024x241.png\",\"datePublished\":\"2017-12-10T21:14:03+00:00\",\"dateModified\":\"2026-03-09T14:20:38+00:00\",\"description\":\"Auto a pneu servis Praha 4, kompletn\u00ed prohl\u00eddka vozu, zaji\u0161t\u011bn\u00ed STK a geometrie. V\u00fdm\u011bny brzd a provozn\u00edch kapalin v\u010d. filtr\u016f. Kompletn\u00ed diagnostika vozu\",\"breadcrumb\":{\"@id\":\"https:\/\/vehix.cz\/ru\/#breadcrumb\"},\"inLanguage\":\"ru\",\"potentialAction\":[{\"@type\":\"ReadAction\",\"target\":[[\"https:\/\/vehix.cz\/ru\/\"]]}]},{\"@type\":\"ImageObject\",\"inLanguage\":\"ru\",\"@id\":\"https:\/\/vehix.cz\/ru\/#primaryimage\",\"url\":\"http:\/\/www.vehix.cz\/wp-content\/uploads\/2020\/04\/00_main-1024x241.png\",\"contentUrl\":\"http:\/\/www.vehix.cz\/wp-content\/uploads\/2020\/04\/00_main-1024x241.png\"},{\"@type\":\"BreadcrumbList\",\"@id\":\"https:\/\/vehix.cz\/ru\/#breadcrumb\",\"itemListElement\":[{\"@type\":\"ListItem\",\"position\":1,\"name\":\"Dom\u016f\",\"item\":\"https:\/\/vehix.cz\/ru\/\"},{\"@type\":\"ListItem\",\"position\":2,\"name\":\"Hlavn\u00ed str\u00e1nka\"}]},{\"@type\":\"WebSite\",\"@id\":\"https:\/\/vehix.cz\/ru\/#website\",\"url\":\"https:\/\/vehix.cz\/ru\/\",\"name\":\"Vehix\",\"description\":\"+420 739 299 662,  U Michelsk\u00e9ho lesa 1267, Praha 4\",\"potentialAction\":[{\"@type\":\"SearchAction\",\"target\":{\"@type\":\"EntryPoint\",\"urlTemplate\":\"https:\/\/vehix.cz\/ru\/?s={search_term_string}\"},\"query-input\":{\"@type\":\"PropertyValueSpecification\",\"valueRequired\":true,\"valueName\":\"search_term_string\"}}],\"inLanguage\":\"ru\"}]}<\/script>\n<!-- \/ Yoast SEO plugin. -->","yoast_head_json":{"title":"VEHIX - BMW servis Praha","description":"Auto a pneu servis Praha 4, kompletn\u00ed prohl\u00eddka vozu, zaji\u0161t\u011bn\u00ed STK a geometrie. V\u00fdm\u011bny brzd a provozn\u00edch kapalin v\u010d. filtr\u016f. Kompletn\u00ed diagnostika vozu","robots":{"index":"index","follow":"follow","max-snippet":"max-snippet:-1","max-image-preview":"max-image-preview:large","max-video-preview":"max-video-preview:-1"},"canonical":"https:\/\/vehix.cz\/ru\/","og_locale":"ru_RU","og_type":"article","og_title":"VEHIX - BMW servis Praha","og_description":"Auto a pneu servis Praha 4, kompletn\u00ed prohl\u00eddka vozu, zaji\u0161t\u011bn\u00ed STK a geometrie. V\u00fdm\u011bny brzd a provozn\u00edch kapalin v\u010d. filtr\u016f. Kompletn\u00ed diagnostika vozu","og_url":"https:\/\/vehix.cz\/ru\/","og_site_name":"Vehix","article_publisher":"https:\/\/www.facebook.com\/vehixauto\/","article_modified_time":"2026-03-09T14:20:38+00:00","og_image":[{"width":1200,"height":283,"url":"https:\/\/vehix.cz\/wp-content\/uploads\/2020\/04\/00_main.png","type":"image\/png"}],"twitter_card":"summary_large_image","twitter_misc":{"Est. reading time":"2 minutes"},"schema":{"@context":"https:\/\/schema.org","@graph":[{"@type":"WebPage","@id":"https:\/\/vehix.cz\/ru\/","url":"https:\/\/vehix.cz\/ru\/","name":"VEHIX - BMW servis Praha","isPartOf":{"@id":"https:\/\/vehix.cz\/ru\/#website"},"primaryImageOfPage":{"@id":"https:\/\/vehix.cz\/ru\/#primaryimage"},"image":{"@id":"https:\/\/vehix.cz\/#primaryimage"},"thumbnailUrl":"http:\/\/www.vehix.cz\/wp-content\/uploads\/2020\/04\/00_main-1024x241.png","datePublished":"2017-12-10T21:14:03+00:00","dateModified":"2026-03-09T14:20:38+00:00","description":"Auto a pneu servis Praha 4, kompletn\u00ed prohl\u00eddka vozu, zaji\u0161t\u011bn\u00ed STK a geometrie. V\u00fdm\u011bny brzd a provozn\u00edch kapalin v\u010d. filtr\u016f. Kompletn\u00ed diagnostika vozu","breadcrumb":{"@id":"https:\/\/vehix.cz\/ru\/#breadcrumb"},"inLanguage":"ru","potentialAction":[{"@type":"ReadAction","target":[["https:\/\/vehix.cz\/ru\/"]]}]},{"@type":"ImageObject","inLanguage":"ru","@id":"https:\/\/vehix.cz\/ru\/#primaryimage","url":"http:\/\/www.vehix.cz\/wp-content\/uploads\/2020\/04\/00_main-1024x241.png","contentUrl":"http:\/\/www.vehix.cz\/wp-content\/uploads\/2020\/04\/00_main-1024x241.png"},{"@type":"BreadcrumbList","@id":"https:\/\/vehix.cz\/ru\/#breadcrumb","itemListElement":[{"@type":"ListItem","position":1,"name":"Dom\u016f","item":"https:\/\/vehix.cz\/ru\/"},{"@type":"ListItem","position":2,"name":"Hlavn\u00ed str\u00e1nka"}]},{"@type":"WebSite","@id":"https:\/\/vehix.cz\/ru\/#website","url":"https:\/\/vehix.cz\/ru\/","name":"Vehix","description":"+420 739 299 662,  U Michelsk\u00e9ho lesa 1267, Praha 4","potentialAction":[{"@type":"SearchAction","target":{"@type":"EntryPoint","urlTemplate":"https:\/\/vehix.cz\/ru\/?s={search_term_string}"},"query-input":{"@type":"PropertyValueSpecification","valueRequired":true,"valueName":"search_term_string"}}],"inLanguage":"ru"}]}},"_links":{"self":[{"href":"https:\/\/vehix.cz\/ru\/wp-json\/wp\/v2\/pages\/205","targetHints":{"allow":["GET"]}}],"collection":[{"href":"https:\/\/vehix.cz\/ru\/wp-json\/wp\/v2\/pages"}],"about":[{"href":"https:\/\/vehix.cz\/ru\/wp-json\/wp\/v2\/types\/page"}],"author":[{"embeddable":true,"href":"https:\/\/vehix.cz\/ru\/wp-json\/wp\/v2\/users\/1"}],"replies":[{"embeddable":true,"href":"https:\/\/vehix.cz\/ru\/wp-json\/wp\/v2\/comments?post=205"}],"version-history":[{"count":226,"href":"https:\/\/vehix.cz\/ru\/wp-json\/wp\/v2\/pages\/205\/revisions"}],"predecessor-version":[{"id":1090,"href":"https:\/\/vehix.cz\/ru\/wp-json\/wp\/v2\/pages\/205\/revisions\/1090"}],"wp:attachment":[{"href":"https:\/\/vehix.cz\/ru\/wp-json\/wp\/v2\/media?parent=205"}],"curies":[{"name":"wp","href":"https:\/\/api.w.org\/{rel}","templated":true}]}}