{"id":1030,"date":"2022-07-17T14:56:16","date_gmt":"2022-07-17T13:56:16","guid":{"rendered":"http:\/\/www.vehix.cz\/?page_id=1030"},"modified":"2022-07-18T14:12:43","modified_gmt":"2022-07-18T13:12:43","slug":"vymena-desticek-a-kotoucu","status":"publish","type":"page","link":"https:\/\/vehix.cz\/ru\/vymena-desticek-a-kotoucu\/","title":{"rendered":"V\u00fdm\u011bna desti\u010dek a kotou\u010d\u016f"},"content":{"rendered":"<div id=\"pl-1030\"  class=\"panel-layout\" ><div id=\"pg-1030-0\"  class=\"panel-grid panel-no-style\" ><div id=\"pgc-1030-0-0\"  class=\"panel-grid-cell\" ><div id=\"panel-1030-0-0-0\" class=\"so-panel widget widget_sow-editor panel-first-child panel-last-child\" data-index=\"0\" ><div\n\t\t\t\n\t\t\tclass=\"so-widget-sow-editor so-widget-sow-editor-base\"\n\t\t\t\n\t\t><h3 class=\"widget-title\">V\u00fdm\u011bna desti\u010dek a kotou\u010d\u016f<\/h3>\n<div class=\"siteorigin-widget-tinymce textwidget\">\n\t<p><span style=\"font-family: Exo;\">P\u00edskaj\u00ed v\u00e1m brzdy, nebo v\u00e1\u0161 v\u016fz h\u016f\u0159e brzd\u00ed?<\/span><\/p>\n<p><span style=\"font-family: Exo;\">Tak to je nejvy\u0161\u0161\u00ed \u010das nechat si u n\u00e1s zkontrolovat a p\u0159\u00edpadn\u011b vym\u011bnit brzdov\u00e9 desti\u010dky a kotou\u010de, jeliko\u017e v\u010dasn\u00fd servis brzd va\u0161eho vozidla je z\u00e1rukou bezpe\u010dn\u00e9 j\u00edzdy.\u00a0<\/span><\/p>\n<p><span style=\"font-family: Exo;\">Na\u0161i mechanici s bohat\u00fdmi zku\u0161enostmi prov\u00e1d\u00ed servis brzd v\u017edy podle p\u0159edepsan\u00fdch postup\u016f a pou\u017e\u00edv\u00e1me d\u00edly v\u00fdhradn\u011b od ov\u011b\u0159en\u00fdch v\u00fdrobc\u016f.<\/span><\/p>\n<p><span style=\"font-family: Exo;\">Pro v\u00edce informac\u00ed n\u00e1s nev\u00e1hejte kontaktovat.<\/span><\/p>\n<p>&nbsp;<\/p>\n<\/div>\n<\/div><\/div><\/div><\/div><div id=\"pg-1030-1\"  class=\"panel-grid panel-no-style\" ><div id=\"pgc-1030-1-0\"  class=\"panel-grid-cell\" ><div id=\"panel-1030-1-0-0\" class=\"so-panel widget widget_sow-contact-form panel-first-child panel-last-child\" data-index=\"1\" ><div\n\t\t\t\n\t\t\tclass=\"so-widget-sow-contact-form so-widget-sow-contact-form-default-6a5e98eff10e-1030\"\n\t\t\t\n\t\t><h3 class=\"widget-title\">NAPI\u0160TE N\u00c1M<\/h3>\t<form\n\t\taction=\"\/ru\/wp-json\/wp\/v2\/pages\/1030\"\n\t\tmethod=\"POST\"\n\t\tclass=\"sow-contact-form\"\n\t\tid=\"contact-form-3d0b\"\n\t>\n\n\t\t\n\t\t\t\t\t<div class=\"sow-form-field sow-form-field-name\">\n\t\t\t\t<label class=\"sow-form-field-label-above\" for=\"sow-contact-form-field-jmeno-a-prijmeni-1\">\n\t\t\t\t<strong>\n\t\t\t\t\tJm\u00e9no a p\u0159\u00edjmen\u00ed\t\t\t\t\t\t\t\t\t<\/strong>\n\t\t\t<\/label>\n\t\t\t\t\t\t\t<div class=\"sow-field-container\">\n\t\t\t\t\t\t\t<input\n\t\t\ttype=\"text\"\n\t\t\tname=\"jmeno-a-prijmeni-1\"\n\t\t\tid=\"sow-contact-form-field-jmeno-a-prijmeni-1\"\n\t\t\tvalue=\"\"\n\t\t\tclass=\"sow-text-field\"\n\t\t\t\t\t\t\t\t\/>\n\t\t\t\t\t\t<\/div>\n\t\t\t\t\t\t\t<\/div>\n\t\t\t\t\t\t<div class=\"sow-form-field sow-form-field-email\">\n\t\t\t\t<label class=\"sow-form-field-label-above\" for=\"sow-contact-form-field-vas-email-1\">\n\t\t\t\t<strong>\n\t\t\t\t\tV\u00e1\u0161 Email\t\t\t\t\t\t\t\t\t<\/strong>\n\t\t\t<\/label>\n\t\t\t\t\t\t\t<div class=\"sow-field-container\">\n\t\t\t\t\t\t\t<input\n\t\t\ttype=\"email\"\n\t\t\tname=\"vas-email-1\"\n\t\t\tid=\"sow-contact-form-field-vas-email-1\"\n\t\t\tvalue=\"\"\n\t\t\tclass=\"sow-text-field\"\t\t\t\t\t\t\t\t\/>\n\t\t\t\t\t\t<\/div>\n\t\t\t\t\t\t\t<\/div>\n\t\t\t\t\t\t<div class=\"sow-form-field sow-form-field-textarea\">\n\t\t\t\t<label class=\"sow-form-field-label-above\" for=\"sow-contact-form-field-zprava-1\">\n\t\t\t\t<strong>\n\t\t\t\t\tZpr\u00e1va\t\t\t\t\t\t\t\t\t<\/strong>\n\t\t\t<\/label>\n\t\t\t\t\t\t\t<div class=\"sow-field-container\">\n\t\t\t\t\t\t\t<textarea\n\t\t\tname=\"zprava-1\"\n\t\t\tid=\"sow-contact-form-field-zprava-1\"\n\t\t\trows=\"10\"\n\t\t\t\t\t\t\t\t><\/textarea>\n\t\t\t\t\t\t<\/div>\n\t\t\t\t\t\t\t<\/div>\n\t\t\t\n\t\t\n\t\t<div class=\"sow-submit-wrapper \n\t\tsow-submit-styled\t\t\">\n\n\t\t\t<button\n\t\t\t\ttype=\"submit\"\n\t\t\t\tclass=\"sow-submit\n\t\t\t\t\t\t\t\t\"\n\t\t\t\t\t\t\t>\n\t\t\t\tOdeslat\t\t\t<\/button>\n\t\t<\/div>\n\t\t\t\t<input\n\t\t\ttype=\"hidden\"\n\t\t\tname=\"instance_hash-1\"\n\t\t\tvalue=\"3d0b638b\"\n\t\t\/>\n\n\t\t<input type=\"hidden\" id=\"_wpnonce\" name=\"_wpnonce\" value=\"c66d111eb1\" \/><input type=\"hidden\" name=\"_wp_http_referer\" value=\"\/ru\/wp-json\/wp\/v2\/pages\/1030\" \/>\t<\/form>\n\t<\/div><\/div><\/div><div id=\"pgc-1030-1-1\"  class=\"panel-grid-cell\" ><div id=\"panel-1030-1-1-0\" class=\"so-panel widget widget_sow-editor panel-first-child panel-last-child\" data-index=\"2\" ><div class=\"panel-widget-style panel-widget-style-for-1030-1-1-0\" ><div\n\t\t\t\n\t\t\tclass=\"so-widget-sow-editor so-widget-sow-editor-base\"\n\t\t\t\n\t\t>\n<div class=\"siteorigin-widget-tinymce textwidget\">\n\t<p style=\"text-align: center;\"><span style=\"font-family: Exo;\"><span style=\"font-size: 18pt;\"><strong>Provozovna:<br \/>\n<\/strong><span style=\"font-size: 14pt;\">U<\/span><\/span><span style=\"font-size: 14pt;\"> Michelsk\u00e9ho Lesa 1267<\/span><\/span><br \/>\n<span style=\"font-size: 14pt; font-family: Exo;\">140 00 Praha 4 - Kr\u010d<\/span><br \/>\n<span style=\"font-family: Exo;\"><span style=\"font-size: 14pt;\">Telefon - servis: +420 739 299 662<br \/>\n<\/span><span style=\"font-size: 14pt;\">E-mail - servis@vehix.cz<\/span><\/span><\/p>\n<p style=\"text-align: center;\"><span style=\"font-size: 14pt; font-family: Exo;\"><strong>Otev\u00edrac\u00ed doba :<br \/>\n<\/strong>Po - P\u00e1 \u00a0\u00a0 9:00 - 17:00<\/span><\/p>\n<p style=\"text-align: center;\"><span style=\"font-size: 14pt; font-family: Exo;\"><em>po domluv\u011b<\/em><\/span><br \/>\n<span style=\"font-size: 14pt; font-family: Exo;\"> <em>Po - P\u00e1 \u00a0\u00a0 8:00 - 18:00<\/em><\/span><\/p>\n<p style=\"text-align: center;\"><span style=\"font-family: Exo;\"><strong><span style=\"font-size: 18pt;\"><br \/>\nS\u00eddlo firmy:<\/span><br \/>\n<\/strong><span style=\"font-size: 14pt;\">V Str\u00e1ni 415\/3<\/span><\/span><br \/>\n<span style=\"font-size: 14pt; font-family: Exo;\">150 00 Praha 5<\/span><\/p>\n<p style=\"text-align: center;\"><span style=\"font-size: 14pt; font-family: Exo;\">I\u010c: 01430734<\/span><br \/>\n<span style=\"font-size: 14pt; font-family: Exo;\">DI\u010c: 01430734<\/span><\/p>\n<\/div>\n<\/div><\/div><\/div><\/div><\/div><\/div>","protected":false},"excerpt":{"rendered":"<p>P\u00edskaj\u00ed v\u00e1m brzdy, nebo v\u00e1\u0161 v\u016fz h\u016f\u0159e brzd\u00ed? Tak to je nejvy\u0161\u0161\u00ed \u010das nechat si u n\u00e1s zkontrolovat a p\u0159\u00edpadn\u011b vym\u011bnit brzdov\u00e9 desti\u010dky a kotou\u010de, jeliko\u017e v\u010dasn\u00fd servis brzd va\u0161eho vozidla je z\u00e1rukou bezpe\u010dn\u00e9 j\u00edzdy.\u00a0 Na\u0161i mechanici s bohat\u00fdmi zku\u0161enostmi prov\u00e1d\u00ed servis brzd v\u017edy podle p\u0159edepsan\u00fdch postup\u016f a pou\u017e\u00edv\u00e1me d\u00edly v\u00fdhradn\u011b od ov\u011b\u0159en\u00fdch v\u00fdrobc\u016f. Pro [&hellip;]<\/p>\n","protected":false},"author":1,"featured_media":0,"parent":0,"menu_order":0,"comment_status":"closed","ping_status":"closed","template":"","meta":{"footnotes":""},"class_list":["post-1030","page","type-page","status-publish","czr-hentry"],"yoast_head":"<!-- This site is optimized with the Yoast SEO plugin v27.1.1 - https:\/\/yoast.com\/product\/yoast-seo-wordpress\/ -->\n<title>V\u00fdm\u011bna desti\u010dek a kotou\u010d\u016f - Vehix<\/title>\n<meta name=\"robots\" content=\"index, follow, max-snippet:-1, max-image-preview:large, max-video-preview:-1\" \/>\n<link rel=\"canonical\" href=\"https:\/\/vehix.cz\/ru\/vymena-desticek-a-kotoucu\/\" \/>\n<meta property=\"og:locale\" content=\"ru_RU\" \/>\n<meta property=\"og:type\" content=\"article\" \/>\n<meta property=\"og:title\" content=\"V\u00fdm\u011bna desti\u010dek a kotou\u010d\u016f - Vehix\" \/>\n<meta property=\"og:description\" content=\"P\u00edskaj\u00ed v\u00e1m brzdy, nebo v\u00e1\u0161 v\u016fz h\u016f\u0159e brzd\u00ed? Tak to je nejvy\u0161\u0161\u00ed \u010das nechat si u n\u00e1s zkontrolovat a p\u0159\u00edpadn\u011b vym\u011bnit brzdov\u00e9 desti\u010dky a kotou\u010de, jeliko\u017e v\u010dasn\u00fd servis brzd va\u0161eho vozidla je z\u00e1rukou bezpe\u010dn\u00e9 j\u00edzdy.\u00a0 Na\u0161i mechanici s bohat\u00fdmi zku\u0161enostmi prov\u00e1d\u00ed servis brzd v\u017edy podle p\u0159edepsan\u00fdch postup\u016f a pou\u017e\u00edv\u00e1me d\u00edly v\u00fdhradn\u011b od ov\u011b\u0159en\u00fdch v\u00fdrobc\u016f. Pro [&hellip;]\" \/>\n<meta property=\"og:url\" content=\"https:\/\/vehix.cz\/ru\/vymena-desticek-a-kotoucu\/\" \/>\n<meta property=\"og:site_name\" content=\"Vehix\" \/>\n<meta property=\"article:publisher\" content=\"https:\/\/www.facebook.com\/vehixauto\/\" \/>\n<meta property=\"article:modified_time\" content=\"2022-07-18T13:12:43+00:00\" \/>\n<meta name=\"twitter:card\" content=\"summary_large_image\" \/>\n<meta name=\"twitter:label1\" content=\"Est. reading time\" \/>\n\t<meta name=\"twitter:data1\" content=\"1 minute\" \/>\n<script type=\"application\/ld+json\" class=\"yoast-schema-graph\">{\"@context\":\"https:\/\/schema.org\",\"@graph\":[{\"@type\":\"WebPage\",\"@id\":\"https:\/\/vehix.cz\/ru\/vymena-desticek-a-kotoucu\/\",\"url\":\"https:\/\/vehix.cz\/ru\/vymena-desticek-a-kotoucu\/\",\"name\":\"V\u00fdm\u011bna desti\u010dek a kotou\u010d\u016f - Vehix\",\"isPartOf\":{\"@id\":\"https:\/\/vehix.cz\/ru\/#website\"},\"datePublished\":\"2022-07-17T13:56:16+00:00\",\"dateModified\":\"2022-07-18T13:12:43+00:00\",\"breadcrumb\":{\"@id\":\"https:\/\/vehix.cz\/ru\/vymena-desticek-a-kotoucu\/#breadcrumb\"},\"inLanguage\":\"ru\",\"potentialAction\":[{\"@type\":\"ReadAction\",\"target\":[[\"https:\/\/vehix.cz\/ru\/vymena-desticek-a-kotoucu\/\"]]}]},{\"@type\":\"BreadcrumbList\",\"@id\":\"https:\/\/vehix.cz\/ru\/vymena-desticek-a-kotoucu\/#breadcrumb\",\"itemListElement\":[{\"@type\":\"ListItem\",\"position\":1,\"name\":\"Dom\u016f\",\"item\":\"https:\/\/vehix.cz\/ru\/\"},{\"@type\":\"ListItem\",\"position\":2,\"name\":\"V\u00fdm\u011bna desti\u010dek a kotou\u010d\u016f\"}]},{\"@type\":\"WebSite\",\"@id\":\"https:\/\/vehix.cz\/ru\/#website\",\"url\":\"https:\/\/vehix.cz\/ru\/\",\"name\":\"Vehix\",\"description\":\"+420 739 299 662,  U Michelsk\u00e9ho lesa 1267, Praha 4\",\"potentialAction\":[{\"@type\":\"SearchAction\",\"target\":{\"@type\":\"EntryPoint\",\"urlTemplate\":\"https:\/\/vehix.cz\/ru\/?s={search_term_string}\"},\"query-input\":{\"@type\":\"PropertyValueSpecification\",\"valueRequired\":true,\"valueName\":\"search_term_string\"}}],\"inLanguage\":\"ru\"}]}<\/script>\n<!-- \/ Yoast SEO plugin. -->","yoast_head_json":{"title":"V\u00fdm\u011bna desti\u010dek a kotou\u010d\u016f - Vehix","robots":{"index":"index","follow":"follow","max-snippet":"max-snippet:-1","max-image-preview":"max-image-preview:large","max-video-preview":"max-video-preview:-1"},"canonical":"https:\/\/vehix.cz\/ru\/vymena-desticek-a-kotoucu\/","og_locale":"ru_RU","og_type":"article","og_title":"V\u00fdm\u011bna desti\u010dek a kotou\u010d\u016f - Vehix","og_description":"P\u00edskaj\u00ed v\u00e1m brzdy, nebo v\u00e1\u0161 v\u016fz h\u016f\u0159e brzd\u00ed? Tak to je nejvy\u0161\u0161\u00ed \u010das nechat si u n\u00e1s zkontrolovat a p\u0159\u00edpadn\u011b vym\u011bnit brzdov\u00e9 desti\u010dky a kotou\u010de, jeliko\u017e v\u010dasn\u00fd servis brzd va\u0161eho vozidla je z\u00e1rukou bezpe\u010dn\u00e9 j\u00edzdy.\u00a0 Na\u0161i mechanici s bohat\u00fdmi zku\u0161enostmi prov\u00e1d\u00ed servis brzd v\u017edy podle p\u0159edepsan\u00fdch postup\u016f a pou\u017e\u00edv\u00e1me d\u00edly v\u00fdhradn\u011b od ov\u011b\u0159en\u00fdch v\u00fdrobc\u016f. Pro [&hellip;]","og_url":"https:\/\/vehix.cz\/ru\/vymena-desticek-a-kotoucu\/","og_site_name":"Vehix","article_publisher":"https:\/\/www.facebook.com\/vehixauto\/","article_modified_time":"2022-07-18T13:12:43+00:00","twitter_card":"summary_large_image","twitter_misc":{"Est. reading time":"1 minute"},"schema":{"@context":"https:\/\/schema.org","@graph":[{"@type":"WebPage","@id":"https:\/\/vehix.cz\/ru\/vymena-desticek-a-kotoucu\/","url":"https:\/\/vehix.cz\/ru\/vymena-desticek-a-kotoucu\/","name":"V\u00fdm\u011bna desti\u010dek a kotou\u010d\u016f - Vehix","isPartOf":{"@id":"https:\/\/vehix.cz\/ru\/#website"},"datePublished":"2022-07-17T13:56:16+00:00","dateModified":"2022-07-18T13:12:43+00:00","breadcrumb":{"@id":"https:\/\/vehix.cz\/ru\/vymena-desticek-a-kotoucu\/#breadcrumb"},"inLanguage":"ru","potentialAction":[{"@type":"ReadAction","target":[["https:\/\/vehix.cz\/ru\/vymena-desticek-a-kotoucu\/"]]}]},{"@type":"BreadcrumbList","@id":"https:\/\/vehix.cz\/ru\/vymena-desticek-a-kotoucu\/#breadcrumb","itemListElement":[{"@type":"ListItem","position":1,"name":"Dom\u016f","item":"https:\/\/vehix.cz\/ru\/"},{"@type":"ListItem","position":2,"name":"V\u00fdm\u011bna desti\u010dek a kotou\u010d\u016f"}]},{"@type":"WebSite","@id":"https:\/\/vehix.cz\/ru\/#website","url":"https:\/\/vehix.cz\/ru\/","name":"Vehix","description":"+420 739 299 662,  U Michelsk\u00e9ho lesa 1267, Praha 4","potentialAction":[{"@type":"SearchAction","target":{"@type":"EntryPoint","urlTemplate":"https:\/\/vehix.cz\/ru\/?s={search_term_string}"},"query-input":{"@type":"PropertyValueSpecification","valueRequired":true,"valueName":"search_term_string"}}],"inLanguage":"ru"}]}},"_links":{"self":[{"href":"https:\/\/vehix.cz\/ru\/wp-json\/wp\/v2\/pages\/1030","targetHints":{"allow":["GET"]}}],"collection":[{"href":"https:\/\/vehix.cz\/ru\/wp-json\/wp\/v2\/pages"}],"about":[{"href":"https:\/\/vehix.cz\/ru\/wp-json\/wp\/v2\/types\/page"}],"author":[{"embeddable":true,"href":"https:\/\/vehix.cz\/ru\/wp-json\/wp\/v2\/users\/1"}],"replies":[{"embeddable":true,"href":"https:\/\/vehix.cz\/ru\/wp-json\/wp\/v2\/comments?post=1030"}],"version-history":[{"count":12,"href":"https:\/\/vehix.cz\/ru\/wp-json\/wp\/v2\/pages\/1030\/revisions"}],"predecessor-version":[{"id":1054,"href":"https:\/\/vehix.cz\/ru\/wp-json\/wp\/v2\/pages\/1030\/revisions\/1054"}],"wp:attachment":[{"href":"https:\/\/vehix.cz\/ru\/wp-json\/wp\/v2\/media?parent=1030"}],"curies":[{"name":"wp","href":"https:\/\/api.w.org\/{rel}","templated":true}]}}