{"id":388,"date":"2018-02-11T10:59:05","date_gmt":"2018-02-11T09:59:05","guid":{"rendered":"http:\/\/www.vehix.cz\/?page_id=388"},"modified":"2019-07-26T12:59:01","modified_gmt":"2019-07-26T11:59:01","slug":"opravy-jednotek-frm3","status":"publish","type":"page","link":"https:\/\/vehix.cz\/en\/opravy-jednotek-frm3\/","title":{"rendered":"Opravy jednotek FRM3"},"content":{"rendered":"<p class=\"qtranxs-available-languages-message qtranxs-available-languages-message-en\">Sorry, this entry is only available in <a href=\"https:\/\/vehix.cz\/cs\/wp-json\/wp\/v2\/pages\/388\" class=\"qtranxs-available-language-link qtranxs-available-language-link-cs\" title=\"Czech\">Czech<\/a><\/p>","protected":false},"excerpt":{"rendered":"<p>Sorry, this entry is only available in Czech<\/p>\n","protected":false},"author":1,"featured_media":0,"parent":0,"menu_order":0,"comment_status":"closed","ping_status":"closed","template":"","meta":{"footnotes":""},"class_list":["post-388","page","type-page","status-publish","czr-hentry"],"yoast_head":"<!-- This site is optimized with the Yoast SEO plugin v27.1.1 - https:\/\/yoast.com\/product\/yoast-seo-wordpress\/ -->\n<title>Opravy jednotek FRM3 - Vehix<\/title>\n<meta name=\"description\" content=\"Prov\u00e1d\u00edme opravy jednotek FRM3 v p\u0159\u00edpadech, kdy jednotka p\u0159estala ovl\u00e1dat sv\u011btla. \u0158\u00edd\u00edc\u00ed jednotky FRM3 automobil\u016f BMW vyroben\u00fdch zejm\u00e9na v letech 2009-2013 maj\u00ed v\u00fdrobn\u00ed vadu softwaru, kter\u00e1 zp\u016fsobuje rozpad dat v pam\u011bti.\" \/>\n<meta name=\"robots\" content=\"index, follow, max-snippet:-1, max-image-preview:large, max-video-preview:-1\" \/>\n<link rel=\"canonical\" href=\"https:\/\/vehix.cz\/en\/opravy-jednotek-frm3\/\" \/>\n<meta property=\"og:locale\" content=\"en_US\" \/>\n<meta property=\"og:type\" content=\"article\" \/>\n<meta property=\"og:title\" content=\"Opravy jednotek FRM3 - Vehix\" \/>\n<meta property=\"og:description\" content=\"Prov\u00e1d\u00edme opravy jednotek FRM3 v p\u0159\u00edpadech, kdy jednotka p\u0159estala ovl\u00e1dat sv\u011btla. \u0158\u00edd\u00edc\u00ed jednotky FRM3 automobil\u016f BMW vyroben\u00fdch zejm\u00e9na v letech 2009-2013 maj\u00ed v\u00fdrobn\u00ed vadu softwaru, kter\u00e1 zp\u016fsobuje rozpad dat v pam\u011bti.\" \/>\n<meta property=\"og:url\" content=\"https:\/\/vehix.cz\/en\/opravy-jednotek-frm3\/\" \/>\n<meta property=\"og:site_name\" content=\"Vehix\" \/>\n<meta property=\"article:publisher\" content=\"https:\/\/www.facebook.com\/vehixauto\/\" \/>\n<meta property=\"article:modified_time\" content=\"2019-07-26T11:59:01+00:00\" \/>\n<meta name=\"twitter:card\" content=\"summary_large_image\" \/>\n<meta name=\"twitter:label1\" content=\"Est. reading time\" \/>\n\t<meta name=\"twitter:data1\" content=\"2 minutes\" \/>\n<script type=\"application\/ld+json\" class=\"yoast-schema-graph\">{\"@context\":\"https:\/\/schema.org\",\"@graph\":[{\"@type\":\"WebPage\",\"@id\":\"https:\/\/vehix.cz\/en\/opravy-jednotek-frm3\/\",\"url\":\"https:\/\/vehix.cz\/en\/opravy-jednotek-frm3\/\",\"name\":\"Opravy jednotek FRM3 - Vehix\",\"isPartOf\":{\"@id\":\"https:\/\/vehix.cz\/en\/#website\"},\"datePublished\":\"2018-02-11T09:59:05+00:00\",\"dateModified\":\"2019-07-26T11:59:01+00:00\",\"description\":\"Prov\u00e1d\u00edme opravy jednotek FRM3 v p\u0159\u00edpadech, kdy jednotka p\u0159estala ovl\u00e1dat sv\u011btla. \u0158\u00edd\u00edc\u00ed jednotky FRM3 automobil\u016f BMW vyroben\u00fdch zejm\u00e9na v letech 2009-2013 maj\u00ed v\u00fdrobn\u00ed vadu softwaru, kter\u00e1 zp\u016fsobuje rozpad dat v pam\u011bti.\",\"breadcrumb\":{\"@id\":\"https:\/\/vehix.cz\/en\/opravy-jednotek-frm3\/#breadcrumb\"},\"inLanguage\":\"en-US\",\"potentialAction\":[{\"@type\":\"ReadAction\",\"target\":[[\"https:\/\/vehix.cz\/en\/opravy-jednotek-frm3\/\"]]}]},{\"@type\":\"BreadcrumbList\",\"@id\":\"https:\/\/vehix.cz\/en\/opravy-jednotek-frm3\/#breadcrumb\",\"itemListElement\":[{\"@type\":\"ListItem\",\"position\":1,\"name\":\"Dom\u016f\",\"item\":\"https:\/\/vehix.cz\/en\/\"},{\"@type\":\"ListItem\",\"position\":2,\"name\":\"Opravy jednotek FRM3\"}]},{\"@type\":\"WebSite\",\"@id\":\"https:\/\/vehix.cz\/en\/#website\",\"url\":\"https:\/\/vehix.cz\/en\/\",\"name\":\"Vehix\",\"description\":\"+420 739 299 662,  U Michelsk\u00e9ho lesa 1267, Praha 4\",\"potentialAction\":[{\"@type\":\"SearchAction\",\"target\":{\"@type\":\"EntryPoint\",\"urlTemplate\":\"https:\/\/vehix.cz\/en\/?s={search_term_string}\"},\"query-input\":{\"@type\":\"PropertyValueSpecification\",\"valueRequired\":true,\"valueName\":\"search_term_string\"}}],\"inLanguage\":\"en-US\"}]}<\/script>\n<!-- \/ Yoast SEO plugin. -->","yoast_head_json":{"title":"Opravy jednotek FRM3 - Vehix","description":"Prov\u00e1d\u00edme opravy jednotek FRM3 v p\u0159\u00edpadech, kdy jednotka p\u0159estala ovl\u00e1dat sv\u011btla. \u0158\u00edd\u00edc\u00ed jednotky FRM3 automobil\u016f BMW vyroben\u00fdch zejm\u00e9na v letech 2009-2013 maj\u00ed v\u00fdrobn\u00ed vadu softwaru, kter\u00e1 zp\u016fsobuje rozpad dat v pam\u011bti.","robots":{"index":"index","follow":"follow","max-snippet":"max-snippet:-1","max-image-preview":"max-image-preview:large","max-video-preview":"max-video-preview:-1"},"canonical":"https:\/\/vehix.cz\/en\/opravy-jednotek-frm3\/","og_locale":"en_US","og_type":"article","og_title":"Opravy jednotek FRM3 - Vehix","og_description":"Prov\u00e1d\u00edme opravy jednotek FRM3 v p\u0159\u00edpadech, kdy jednotka p\u0159estala ovl\u00e1dat sv\u011btla. \u0158\u00edd\u00edc\u00ed jednotky FRM3 automobil\u016f BMW vyroben\u00fdch zejm\u00e9na v letech 2009-2013 maj\u00ed v\u00fdrobn\u00ed vadu softwaru, kter\u00e1 zp\u016fsobuje rozpad dat v pam\u011bti.","og_url":"https:\/\/vehix.cz\/en\/opravy-jednotek-frm3\/","og_site_name":"Vehix","article_publisher":"https:\/\/www.facebook.com\/vehixauto\/","article_modified_time":"2019-07-26T11:59:01+00:00","twitter_card":"summary_large_image","twitter_misc":{"Est. reading time":"2 minutes"},"schema":{"@context":"https:\/\/schema.org","@graph":[{"@type":"WebPage","@id":"https:\/\/vehix.cz\/en\/opravy-jednotek-frm3\/","url":"https:\/\/vehix.cz\/en\/opravy-jednotek-frm3\/","name":"Opravy jednotek FRM3 - Vehix","isPartOf":{"@id":"https:\/\/vehix.cz\/en\/#website"},"datePublished":"2018-02-11T09:59:05+00:00","dateModified":"2019-07-26T11:59:01+00:00","description":"Prov\u00e1d\u00edme opravy jednotek FRM3 v p\u0159\u00edpadech, kdy jednotka p\u0159estala ovl\u00e1dat sv\u011btla. \u0158\u00edd\u00edc\u00ed jednotky FRM3 automobil\u016f BMW vyroben\u00fdch zejm\u00e9na v letech 2009-2013 maj\u00ed v\u00fdrobn\u00ed vadu softwaru, kter\u00e1 zp\u016fsobuje rozpad dat v pam\u011bti.","breadcrumb":{"@id":"https:\/\/vehix.cz\/en\/opravy-jednotek-frm3\/#breadcrumb"},"inLanguage":"en-US","potentialAction":[{"@type":"ReadAction","target":[["https:\/\/vehix.cz\/en\/opravy-jednotek-frm3\/"]]}]},{"@type":"BreadcrumbList","@id":"https:\/\/vehix.cz\/en\/opravy-jednotek-frm3\/#breadcrumb","itemListElement":[{"@type":"ListItem","position":1,"name":"Dom\u016f","item":"https:\/\/vehix.cz\/en\/"},{"@type":"ListItem","position":2,"name":"Opravy jednotek FRM3"}]},{"@type":"WebSite","@id":"https:\/\/vehix.cz\/en\/#website","url":"https:\/\/vehix.cz\/en\/","name":"Vehix","description":"+420 739 299 662,  U Michelsk\u00e9ho lesa 1267, Praha 4","potentialAction":[{"@type":"SearchAction","target":{"@type":"EntryPoint","urlTemplate":"https:\/\/vehix.cz\/en\/?s={search_term_string}"},"query-input":{"@type":"PropertyValueSpecification","valueRequired":true,"valueName":"search_term_string"}}],"inLanguage":"en-US"}]}},"_links":{"self":[{"href":"https:\/\/vehix.cz\/en\/wp-json\/wp\/v2\/pages\/388","targetHints":{"allow":["GET"]}}],"collection":[{"href":"https:\/\/vehix.cz\/en\/wp-json\/wp\/v2\/pages"}],"about":[{"href":"https:\/\/vehix.cz\/en\/wp-json\/wp\/v2\/types\/page"}],"author":[{"embeddable":true,"href":"https:\/\/vehix.cz\/en\/wp-json\/wp\/v2\/users\/1"}],"replies":[{"embeddable":true,"href":"https:\/\/vehix.cz\/en\/wp-json\/wp\/v2\/comments?post=388"}],"version-history":[{"count":0,"href":"https:\/\/vehix.cz\/en\/wp-json\/wp\/v2\/pages\/388\/revisions"}],"wp:attachment":[{"href":"https:\/\/vehix.cz\/en\/wp-json\/wp\/v2\/media?parent=388"}],"curies":[{"name":"wp","href":"https:\/\/api.w.org\/{rel}","templated":true}]}}