{"id":341,"date":"2018-02-03T13:08:15","date_gmt":"2018-02-03T12:08:15","guid":{"rendered":"http:\/\/www.vehix.cz\/?page_id=341"},"modified":"2018-06-04T17:17:43","modified_gmt":"2018-06-04T16:17:43","slug":"ochrana-osobnich-udaju","status":"publish","type":"page","link":"https:\/\/vehix.cz\/en\/ochrana-osobnich-udaju\/","title":{"rendered":"Ochrana osobn\u00edch \u00fadaj\u016f"},"content":{"rendered":"<p><strong>Zpracov\u00e1n\u00ed osobn\u00edch \u00fadaj\u016f<\/strong><\/p>\n<ol>\n<li>Ud\u011blujete t\u00edmto souhlas spole\u010dnosti Regenfrak s.r.o, se s\u00eddlem:\u00a0 V str\u00e1ni 415\/3, Ko\u0161\u00ed\u0159e, 150 00 Praha 5, I\u010c: 01430734, zapsan\u00e9 ve ve\u0159ejn\u00e9m rejst\u0159\u00edku veden\u00e9m u M\u011bstsk\u00e9ho soudu v Praze, vlo\u017eka C 206389 (d\u00e1le jen \u201eSpr\u00e1vce\u201c), aby ve smyslu z\u00e1kona \u010d.101\/2000 Sb., o ochran\u011b osobn\u00edch \u00fadaj\u016f (d\u00e1le jen \u201ez\u00e1kon o ochran\u011b osobn\u00edch \u00fadaj\u016f\u201c) zpracov\u00e1vala tyto osobn\u00ed \u00fadaje:<\/li>\n<\/ol>\n<ul>\n<li>jm\u00e9no a p\u0159\u00edjmen\u00ed<\/li>\n<li>Telefon, E-mail<\/li>\n<li>Informace o vozidle<\/li>\n<\/ul>\n<p>&nbsp;<\/p>\n<ol start=\"2\">\n<li>Jm\u00e9no, p\u0159\u00edjmen\u00ed, n\u00e1zev spole\u010dnosti, telefonn\u00ed \u010d\u00edslo a e-mail je nutn\u00e9 zpracovat za \u00fa\u010delem objedn\u00e1vky. Tyto \u00fadaje budou Spr\u00e1vcem zpracov\u00e1ny po dobu 1 roku<\/li>\n<\/ol>\n<p>&nbsp;<\/p>\n<ol start=\"3\">\n<li>S\u00a0v\u00fd\u0161e uveden\u00fdm zpracov\u00e1n\u00edm ud\u011blujete sv\u016fj v\u00fdslovn\u00fd souhlas. Souhlas lze vz\u00edt kdykoliv zp\u011bt, a to nap\u0159\u00edklad zasl\u00e1n\u00edm emailu nebo dopisu na kontaktn\u00ed \u00fadaje spole\u010dnosti Regenfrak s.r.o.<\/li>\n<\/ol>\n<p>&nbsp;<\/p>\n<ol start=\"4\">\n<li>Zpracov\u00e1n\u00ed osobn\u00edch \u00fadaj\u016f je prov\u00e1d\u011bno Spr\u00e1vcem, osobn\u00ed \u00fadaje v\u0161ak pro Spr\u00e1vce mohou zpracov\u00e1vat i tito zpracovatel\u00e9:<\/li>\n<li>Spr\u00e1vce webov\u00e9ho prost\u0159ed\u00ed<\/li>\n<li>P\u0159\u00edpadn\u011b dal\u0161\u00ed poskytovatel\u00e9 zpracovatelsk\u00fdch softwar\u016f, slu\u017eeb a aplikac\u00ed, kter\u00e9 v\u0161ak v sou\u010dasn\u00e9 dob\u011b spole\u010dnost nevyu\u017e\u00edv\u00e1.<\/li>\n<\/ol>\n<p>&nbsp;<\/p>\n<p>Vezm\u011bte, pros\u00edme, na v\u011bdom\u00ed, \u017ee podle z\u00e1kona o ochran\u011b osobn\u00edch \u00fadaj\u016f m\u00e1te pr\u00e1vo:<\/p>\n<ul>\n<li>vz\u00edt souhlas kdykoliv zp\u011bt,<\/li>\n<li>po\u017eadovat po n\u00e1s informaci, jak\u00e9 va\u0161e osobn\u00ed \u00fadaje zpracov\u00e1v\u00e1me,<\/li>\n<li>po\u017eadovat po n\u00e1s vysv\u011btlen\u00ed ohledn\u011b zpracov\u00e1n\u00ed osobn\u00edch \u00fadaj\u016f,<\/li>\n<li>vy\u017e\u00e1dat si u n\u00e1s p\u0159\u00edstup k\u00a0t\u011bmto \u00fadaj\u016fm a tyto nechat aktualizovat nebo opravit,<\/li>\n<li>po\u017eadovat po n\u00e1s v\u00fdmaz t\u011bchto osobn\u00edch \u00fadaj\u016f,<\/li>\n<li>v\u00a0p\u0159\u00edpad\u011b pochybnost\u00ed o dodr\u017eov\u00e1n\u00ed povinnost\u00ed souvisej\u00edc\u00edch se zpracov\u00e1n\u00edm osobn\u00edch \u00fadaj\u016f obr\u00e1tit se na n\u00e1s nebo na \u00da\u0159ad pro ochranu osobn\u00edch \u00fadaj\u016f.<\/li>\n<\/ul>\n<p><\/p>","protected":false},"excerpt":{"rendered":"<p>Zpracov\u00e1n\u00ed osobn\u00edch \u00fadaj\u016f Ud\u011blujete t\u00edmto souhlas spole\u010dnosti Regenfrak s.r.o, se s\u00eddlem:\u00a0 V str\u00e1ni 415\/3, Ko\u0161\u00ed\u0159e, 150 00 Praha 5, I\u010c: 01430734, zapsan\u00e9 ve ve\u0159ejn\u00e9m rejst\u0159\u00edku veden\u00e9m u M\u011bstsk\u00e9ho soudu v Praze, vlo\u017eka C 206389 (d\u00e1le jen \u201eSpr\u00e1vce\u201c), aby ve smyslu z\u00e1kona \u010d.101\/2000 Sb., o ochran\u011b osobn\u00edch \u00fadaj\u016f (d\u00e1le jen \u201ez\u00e1kon o ochran\u011b osobn\u00edch \u00fadaj\u016f\u201c) zpracov\u00e1vala [&hellip;]<\/p>\n","protected":false},"author":1,"featured_media":0,"parent":0,"menu_order":0,"comment_status":"closed","ping_status":"closed","template":"","meta":{"footnotes":""},"class_list":["post-341","page","type-page","status-publish","czr-hentry"],"yoast_head":"<!-- This site is optimized with the Yoast SEO plugin v27.1.1 - https:\/\/yoast.com\/product\/yoast-seo-wordpress\/ -->\n<title>Ochrana osobn\u00edch \u00fadaj\u016f - Vehix<\/title>\n<meta name=\"robots\" content=\"index, follow, max-snippet:-1, max-image-preview:large, max-video-preview:-1\" \/>\n<link rel=\"canonical\" href=\"https:\/\/vehix.cz\/en\/ochrana-osobnich-udaju\/\" \/>\n<meta property=\"og:locale\" content=\"en_US\" \/>\n<meta property=\"og:type\" content=\"article\" \/>\n<meta property=\"og:title\" content=\"Ochrana osobn\u00edch \u00fadaj\u016f - Vehix\" \/>\n<meta property=\"og:description\" content=\"Zpracov\u00e1n\u00ed osobn\u00edch \u00fadaj\u016f Ud\u011blujete t\u00edmto souhlas spole\u010dnosti Regenfrak s.r.o, se s\u00eddlem:\u00a0 V str\u00e1ni 415\/3, Ko\u0161\u00ed\u0159e, 150 00 Praha 5, I\u010c: 01430734, zapsan\u00e9 ve ve\u0159ejn\u00e9m rejst\u0159\u00edku veden\u00e9m u M\u011bstsk\u00e9ho soudu v Praze, vlo\u017eka C 206389 (d\u00e1le jen \u201eSpr\u00e1vce\u201c), aby ve smyslu z\u00e1kona \u010d.101\/2000 Sb., o ochran\u011b osobn\u00edch \u00fadaj\u016f (d\u00e1le jen \u201ez\u00e1kon o ochran\u011b osobn\u00edch \u00fadaj\u016f\u201c) zpracov\u00e1vala [&hellip;]\" \/>\n<meta property=\"og:url\" content=\"https:\/\/vehix.cz\/en\/ochrana-osobnich-udaju\/\" \/>\n<meta property=\"og:site_name\" content=\"Vehix\" \/>\n<meta property=\"article:publisher\" content=\"https:\/\/www.facebook.com\/vehixauto\/\" \/>\n<meta property=\"article:modified_time\" content=\"2018-06-04T16:17:43+00:00\" \/>\n<meta name=\"twitter:card\" content=\"summary_large_image\" \/>\n<meta name=\"twitter:label1\" content=\"Est. reading time\" \/>\n\t<meta name=\"twitter:data1\" content=\"8 minutes\" \/>\n<script type=\"application\/ld+json\" class=\"yoast-schema-graph\">{\"@context\":\"https:\/\/schema.org\",\"@graph\":[{\"@type\":\"WebPage\",\"@id\":\"https:\/\/vehix.cz\/en\/ochrana-osobnich-udaju\/\",\"url\":\"https:\/\/vehix.cz\/en\/ochrana-osobnich-udaju\/\",\"name\":\"Ochrana osobn\u00edch \u00fadaj\u016f - Vehix\",\"isPartOf\":{\"@id\":\"https:\/\/vehix.cz\/en\/#website\"},\"datePublished\":\"2018-02-03T12:08:15+00:00\",\"dateModified\":\"2018-06-04T16:17:43+00:00\",\"breadcrumb\":{\"@id\":\"https:\/\/vehix.cz\/en\/ochrana-osobnich-udaju\/#breadcrumb\"},\"inLanguage\":\"en-US\",\"potentialAction\":[{\"@type\":\"ReadAction\",\"target\":[[\"https:\/\/vehix.cz\/en\/ochrana-osobnich-udaju\/\"]]}]},{\"@type\":\"BreadcrumbList\",\"@id\":\"https:\/\/vehix.cz\/en\/ochrana-osobnich-udaju\/#breadcrumb\",\"itemListElement\":[{\"@type\":\"ListItem\",\"position\":1,\"name\":\"Dom\u016f\",\"item\":\"https:\/\/vehix.cz\/en\/\"},{\"@type\":\"ListItem\",\"position\":2,\"name\":\"Ochrana osobn\u00edch \u00fadaj\u016f\"}]},{\"@type\":\"WebSite\",\"@id\":\"https:\/\/vehix.cz\/en\/#website\",\"url\":\"https:\/\/vehix.cz\/en\/\",\"name\":\"Vehix\",\"description\":\"+420 739 299 662,  U Michelsk\u00e9ho lesa 1267, Praha 4\",\"potentialAction\":[{\"@type\":\"SearchAction\",\"target\":{\"@type\":\"EntryPoint\",\"urlTemplate\":\"https:\/\/vehix.cz\/en\/?s={search_term_string}\"},\"query-input\":{\"@type\":\"PropertyValueSpecification\",\"valueRequired\":true,\"valueName\":\"search_term_string\"}}],\"inLanguage\":\"en-US\"}]}<\/script>\n<!-- \/ Yoast SEO plugin. -->","yoast_head_json":{"title":"Ochrana osobn\u00edch \u00fadaj\u016f - Vehix","robots":{"index":"index","follow":"follow","max-snippet":"max-snippet:-1","max-image-preview":"max-image-preview:large","max-video-preview":"max-video-preview:-1"},"canonical":"https:\/\/vehix.cz\/en\/ochrana-osobnich-udaju\/","og_locale":"en_US","og_type":"article","og_title":"Ochrana osobn\u00edch \u00fadaj\u016f - Vehix","og_description":"Zpracov\u00e1n\u00ed osobn\u00edch \u00fadaj\u016f Ud\u011blujete t\u00edmto souhlas spole\u010dnosti Regenfrak s.r.o, se s\u00eddlem:\u00a0 V str\u00e1ni 415\/3, Ko\u0161\u00ed\u0159e, 150 00 Praha 5, I\u010c: 01430734, zapsan\u00e9 ve ve\u0159ejn\u00e9m rejst\u0159\u00edku veden\u00e9m u M\u011bstsk\u00e9ho soudu v Praze, vlo\u017eka C 206389 (d\u00e1le jen \u201eSpr\u00e1vce\u201c), aby ve smyslu z\u00e1kona \u010d.101\/2000 Sb., o ochran\u011b osobn\u00edch \u00fadaj\u016f (d\u00e1le jen \u201ez\u00e1kon o ochran\u011b osobn\u00edch \u00fadaj\u016f\u201c) zpracov\u00e1vala [&hellip;]","og_url":"https:\/\/vehix.cz\/en\/ochrana-osobnich-udaju\/","og_site_name":"Vehix","article_publisher":"https:\/\/www.facebook.com\/vehixauto\/","article_modified_time":"2018-06-04T16:17:43+00:00","twitter_card":"summary_large_image","twitter_misc":{"Est. reading time":"8 minutes"},"schema":{"@context":"https:\/\/schema.org","@graph":[{"@type":"WebPage","@id":"https:\/\/vehix.cz\/en\/ochrana-osobnich-udaju\/","url":"https:\/\/vehix.cz\/en\/ochrana-osobnich-udaju\/","name":"Ochrana osobn\u00edch \u00fadaj\u016f - Vehix","isPartOf":{"@id":"https:\/\/vehix.cz\/en\/#website"},"datePublished":"2018-02-03T12:08:15+00:00","dateModified":"2018-06-04T16:17:43+00:00","breadcrumb":{"@id":"https:\/\/vehix.cz\/en\/ochrana-osobnich-udaju\/#breadcrumb"},"inLanguage":"en-US","potentialAction":[{"@type":"ReadAction","target":[["https:\/\/vehix.cz\/en\/ochrana-osobnich-udaju\/"]]}]},{"@type":"BreadcrumbList","@id":"https:\/\/vehix.cz\/en\/ochrana-osobnich-udaju\/#breadcrumb","itemListElement":[{"@type":"ListItem","position":1,"name":"Dom\u016f","item":"https:\/\/vehix.cz\/en\/"},{"@type":"ListItem","position":2,"name":"Ochrana osobn\u00edch \u00fadaj\u016f"}]},{"@type":"WebSite","@id":"https:\/\/vehix.cz\/en\/#website","url":"https:\/\/vehix.cz\/en\/","name":"Vehix","description":"+420 739 299 662,  U Michelsk\u00e9ho lesa 1267, Praha 4","potentialAction":[{"@type":"SearchAction","target":{"@type":"EntryPoint","urlTemplate":"https:\/\/vehix.cz\/en\/?s={search_term_string}"},"query-input":{"@type":"PropertyValueSpecification","valueRequired":true,"valueName":"search_term_string"}}],"inLanguage":"en-US"}]}},"_links":{"self":[{"href":"https:\/\/vehix.cz\/en\/wp-json\/wp\/v2\/pages\/341","targetHints":{"allow":["GET"]}}],"collection":[{"href":"https:\/\/vehix.cz\/en\/wp-json\/wp\/v2\/pages"}],"about":[{"href":"https:\/\/vehix.cz\/en\/wp-json\/wp\/v2\/types\/page"}],"author":[{"embeddable":true,"href":"https:\/\/vehix.cz\/en\/wp-json\/wp\/v2\/users\/1"}],"replies":[{"embeddable":true,"href":"https:\/\/vehix.cz\/en\/wp-json\/wp\/v2\/comments?post=341"}],"version-history":[{"count":8,"href":"https:\/\/vehix.cz\/en\/wp-json\/wp\/v2\/pages\/341\/revisions"}],"predecessor-version":[{"id":345,"href":"https:\/\/vehix.cz\/en\/wp-json\/wp\/v2\/pages\/341\/revisions\/345"}],"wp:attachment":[{"href":"https:\/\/vehix.cz\/en\/wp-json\/wp\/v2\/media?parent=341"}],"curies":[{"name":"wp","href":"https:\/\/api.w.org\/{rel}","templated":true}]}}